{"id":5,"date":"2023-01-18T07:23:22","date_gmt":"2023-01-18T07:23:22","guid":{"rendered":"https:\/\/tricop.philhist.unibas.ch\/?page_id=5"},"modified":"2023-11-13T08:57:26","modified_gmt":"2023-11-13T08:57:26","slug":"uber-uns-tricop","status":"publish","type":"page","link":"https:\/\/tricop.philhist.unibas.ch\/de\/","title":{"rendered":"\u00dcber uns"},"content":{"rendered":"<div class=\"shariff\" data-title=\"\u00dcber uns\" data-info-url=\"http:\/\/ct.de\/-2467514\" data-backend-url=\"https:\/\/tricop.philhist.unibas.ch\/wp-content\/plugins\/shariff-sharing\/backend\/index.php\" data-temp=\"\/tmp\" data-ttl=\"60\" data-service=\"gftr\" data-services='[\"googleplus\",\"facebook\",\"twitter\",\"reddit\",\"info\"]' data-image=\"\" data-url=\"https:\/\/tricop.philhist.unibas.ch\/de\/\" data-lang=\"en\" data-theme=\"colored\" data-orientation=\"horizontal\"><\/div>\n<figure class=\"wp-block-image size-large\"><img loading=\"lazy\" decoding=\"async\" width=\"1024\" height=\"586\" src=\"https:\/\/tricop.philhist.unibas.ch\/wp-content\/uploads\/2023\/03\/Screenshot-2023-03-21-at-12.24.57-1024x586.png\" alt=\"\" class=\"wp-image-167\" srcset=\"https:\/\/tricop.philhist.unibas.ch\/wp-content\/uploads\/2023\/03\/Screenshot-2023-03-21-at-12.24.57-1024x586.png 1024w, https:\/\/tricop.philhist.unibas.ch\/wp-content\/uploads\/2023\/03\/Screenshot-2023-03-21-at-12.24.57-300x172.png 300w, https:\/\/tricop.philhist.unibas.ch\/wp-content\/uploads\/2023\/03\/Screenshot-2023-03-21-at-12.24.57-768x440.png 768w, https:\/\/tricop.philhist.unibas.ch\/wp-content\/uploads\/2023\/03\/Screenshot-2023-03-21-at-12.24.57-18x10.png 18w, https:\/\/tricop.philhist.unibas.ch\/wp-content\/uploads\/2023\/03\/Screenshot-2023-03-21-at-12.24.57.png 1212w\" sizes=\"auto, (max-width: 1024px) 100vw, 1024px\" \/><\/figure>\n\n\n<div class='marquee-hsas-shortcode-100' style='width: 100%;overflow: hidden;'><a style=\"text-decoration: none;\" href=\"https:\/\/tricop.philhist.unibas.ch\/de\/notice\/job-angebot-praktika-volonteer-projket-oeko\/\" target=\"_blank\"><span style=\"color: blue;\">Job Angebot \/ Praktika, Volonteer \/ Projekt \u00d6ko:\r\nWillst du deine z\u00fcndende \u00d6ko-Idee in Binningen umsetzen? oder eher sanft in bestehende Projekte einsteigen? Bei uns bist du willkommen!\r\n\r\nWir sind schon l\u00e4ngst aktiv und bewirken viel in Binningen. Verst\u00e4rke uns, starte Neues mit deinen und unseren Leuten. Info unter www.oekogemeinde.ch, info@oekogemeinde.ch<\/span><\/a>&nbsp;&nbsp;&nbsp;<a style=\"text-decoration: none;\" href=\"https:\/\/tricop.philhist.unibas.ch\/de\/notice\/this-is-our-noticeboard-section-where-calls-for-collaboration-are-posted\/\" target=\"_blank\"><span style=\"color: blue;\">Gemeinsam f\u00fcr ein nachhaltiges Bad S\u00e4ckingen! \ud83c\udf31\ud83d\udc9a\r\nWir bauen eine S\u00e4ckingen-Wandelstadt-Webseite auf, um alle Nachhaltigkeitsinitiativen zu vernetzen, und gr\u00fcnden eine\r\nSoLAWi mit dem Verein StadtOasen Bad S\u00e4ckingen f\u00fcr lokale, solidarische Landwirtschaft.\r\n\r\n\ud83d\udc65 Wir suchen:\r\nMitstreiter*innen &amp; Expert*innen\r\nUnterst\u00fctzung &amp; Ressourcen\r\n\r\n\ud83d\udcbc Wir bieten:\r\nPlattform f\u00fcr nachhaltige Projekte in Bad S\u00e4ckingen\r\nEngagierte Community\r\n\r\nSei dabei und gestalte mit uns ein gr\u00fcnes Bad S\u00e4ckingen! \ud83d\udcec\r\nKontakt: waterberg@web.de\r\nWebsite: https:\/\/stadtoasen.info\/<\/span><\/a>&nbsp;&nbsp;&nbsp;<a style=\"text-decoration: none;\" href=\"https:\/\/tricop.philhist.unibas.ch\/wp-admin\/post.php?post=324&action=edit\" target=\"_blank\"><span style=\"color: blue;\">Sonnenstrom Anlage bauen\r\nRubrik: Technik\u00a0\r\n\r\nMitgestalten, erleben, eintauchen beim Neubau und Betreiben einer PV Anlage in Binningen. Die AEB \u00d6kogemeinde teilt ihr Knowhow\r\n\r\nBeschrieb:\r\n\r\nDie AEB\u00a0 \u00d6kogemeinde sucht Interessierte an nachhaltiger Produktion von erneuerbarem Strom mit PV Technik zum Aufbau einer Gruppe f\u00fcr Planung, Projektierung, Bau sowie Betrieb.\r\n\r\nBestehend sind 4 Anlagen.\u00a0 Wir teilen unser Knowhow. Mittel f\u00fcr die Investition sind vorhanden.\r\n\r\nWir erwarten 1 bis 3 Jahre Mitarbeit an dieser konkreten Umsetzung.\r\n\r\nInfo unter\u00a0www.oekogemeinde.ch,\u00a0info@oekogemeinde.ch<\/span><\/a><\/div><script>jQuery(function(){jQuery('.marquee-hsas-shortcode-100').marquee({allowCss3Support: true,css3easing: 'linear',easing: 'linear',delayBeforeStart: 2000,direction: 'left',duplicated: true,duration: 10000,gap: 50,pauseOnCycle: true,pauseOnHover: true,startVisible: true});});<\/script>\n\n\n<h2 class=\"wp-block-heading\">Projekt TRICOP<\/h2>\n\n\n\n<p><strong>Trinationale Koooperationsplattform f\u00fcr Nachhaltigkeitsinitiativen, Einrichtungen Sozialer Arbeit und nachhaltigkeitsorientierte Unternehmen<\/strong><\/p>\n\n\n\n<p>TRICOP zielt darauf ab, eine Kooperationsplattform aufzubauen, die Initiativen der Nachhaltigkeit, Unternehmen sowie Einrichtungen im Bereich Sozialer Arbeit miteinander vernetzt und hierbei R\u00e4ume f\u00fcr trinationale Kooperationen und Innovation er\u00f6ffnet. M\u00f6glichkeiten der Vernetzungen sind zahlreich vorhanden, wie z.B. Urban Gardening mit tagesstrukturierenden Einrichtungen psychisch erkrankter Menschen zu verbinden.<\/p>\n\n\n\n<p>TRICOP ist konzipiert als trinationales Studien- und Kooperationsprojekt der Universit\u00e4t Basel und der EH Freiburg und wird gef\u00f6rdert durch die Interkantonale Koordinationsstelle bei der Regio Basiliensis (IKRB) als Vertreterin der Schweizerischen Eidgenossenschaft im Rahmen der Neuen Regionalpolitik und dem Kanton Basel-Landschaft.<\/p>\n\n\n\n<p>In Studien-\/Projektstudien an der EH Freiburg und Universit\u00e4t Basel ermitteln Studierende Kooperationspotenziale, z.B. in Literatur-\/Internetrecherchen, in Interviews oder Fokusgruppen. Begleitend werden konkrete Kooperationen initiiert indem Akteuren kontaktiert werden, Impulse f\u00fcr trinationale Kooperationen gesetzt und soweit m\u00f6glich verstetigt werden sollen. <strong>Ziel des Projektes ist, dass eine online Plattform langfristige als Vernetzungs-\/Kommunikations- und Suchplattform etabliert wird, \u00fcber die sich potenzielle Kooperationspartner finden und vernetzen.<\/strong><\/p>\n\n\n\n<figure class=\"wp-block-image size-large\"><img loading=\"lazy\" decoding=\"async\" width=\"1024\" height=\"683\" src=\"https:\/\/tricop.philhist.unibas.ch\/wp-content\/uploads\/2023\/02\/pexels-ready-made-3850512-1024x683.jpg\" alt=\"\" class=\"wp-image-62\" srcset=\"https:\/\/tricop.philhist.unibas.ch\/wp-content\/uploads\/2023\/02\/pexels-ready-made-3850512-1024x683.jpg 1024w, https:\/\/tricop.philhist.unibas.ch\/wp-content\/uploads\/2023\/02\/pexels-ready-made-3850512-300x200.jpg 300w, https:\/\/tricop.philhist.unibas.ch\/wp-content\/uploads\/2023\/02\/pexels-ready-made-3850512-768x512.jpg 768w, https:\/\/tricop.philhist.unibas.ch\/wp-content\/uploads\/2023\/02\/pexels-ready-made-3850512-1536x1024.jpg 1536w\" sizes=\"auto, (max-width: 1024px) 100vw, 1024px\" \/><\/figure>\n","protected":false},"excerpt":{"rendered":"<p>Projekt TRICOP Trinationale Koooperationsplattform f\u00fcr Nachhaltigkeitsinitiativen, Einrichtungen Sozialer Arbeit und nachhaltigkeitsorientierte Unternehmen TRICOP zielt darauf ab, eine Kooperationsplattform aufzubauen, die Initiativen der Nachhaltigkeit, Unternehmen sowie Einrichtungen im Bereich Sozialer Arbeit miteinander vernetzt und hierbei R\u00e4ume f\u00fcr trinationale Kooperationen und Innovation er\u00f6ffnet. M\u00f6glichkeiten der Vernetzungen sind zahlreich vorhanden, wie z.B. Urban Gardening mit tagesstrukturierenden Einrichtungen psychisch&hellip; <a class=\"more-link\" href=\"https:\/\/tricop.philhist.unibas.ch\/de\/\"><span class=\"screen-reader-text\">\u00dcber uns<\/span> weiterlesen<\/a><\/p>\n","protected":false},"author":1,"featured_media":0,"parent":0,"menu_order":0,"comment_status":"closed","ping_status":"closed","template":"","meta":{"_bbp_topic_count":0,"_bbp_reply_count":0,"_bbp_total_topic_count":0,"_bbp_total_reply_count":0,"_bbp_voice_count":0,"_bbp_anonymous_reply_count":0,"_bbp_topic_count_hidden":0,"_bbp_reply_count_hidden":0,"_bbp_forum_subforum_count":0,"footnotes":""},"class_list":["post-5","page","type-page","status-publish","hentry","entry"],"_links":{"self":[{"href":"https:\/\/tricop.philhist.unibas.ch\/de\/wp-json\/wp\/v2\/pages\/5","targetHints":{"allow":["GET"]}}],"collection":[{"href":"https:\/\/tricop.philhist.unibas.ch\/de\/wp-json\/wp\/v2\/pages"}],"about":[{"href":"https:\/\/tricop.philhist.unibas.ch\/de\/wp-json\/wp\/v2\/types\/page"}],"author":[{"embeddable":true,"href":"https:\/\/tricop.philhist.unibas.ch\/de\/wp-json\/wp\/v2\/users\/1"}],"replies":[{"embeddable":true,"href":"https:\/\/tricop.philhist.unibas.ch\/de\/wp-json\/wp\/v2\/comments?post=5"}],"version-history":[{"count":9,"href":"https:\/\/tricop.philhist.unibas.ch\/de\/wp-json\/wp\/v2\/pages\/5\/revisions"}],"predecessor-version":[{"id":333,"href":"https:\/\/tricop.philhist.unibas.ch\/de\/wp-json\/wp\/v2\/pages\/5\/revisions\/333"}],"wp:attachment":[{"href":"https:\/\/tricop.philhist.unibas.ch\/de\/wp-json\/wp\/v2\/media?parent=5"}],"curies":[{"name":"wp","href":"https:\/\/api.w.org\/{rel}","templated":true}]}}